{"id":103,"date":"2014-09-02T14:24:01","date_gmt":"2014-09-02T13:24:01","guid":{"rendered":"http:\/\/vsatest.wpweb.fr\/?page_id=103"},"modified":"2019-01-31T07:13:08","modified_gmt":"2019-01-31T07:13:08","slug":"aire-de-camping-car","status":"publish","type":"page","link":"https:\/\/ville-sous-anjou.fr\/?page_id=103","title":{"rendered":"Aire de camping car"},"content":{"rendered":"<p><strong>Services Gratuits :<\/strong><\/p>\n<ul>\n<li>Eau<\/li>\n<li>\u00c9lectricit\u00e9<\/li>\n<li>Vidange eaux grises et noires<\/li>\n<\/ul>\n<p><a href=\"http:\/\/ville-sous-anjou.fr\/wp-content\/uploads\/2019\/01\/reglement-aire-camp.pdf\" target=\"_blank\" rel=\"noopener\">R\u00e8glement aire de camping-cars<\/a><\/p>\n<p><span style=\"font-family: Arial; font-size: small;\">20 km au sud de Vienne<br \/>\nDerri\u00e8re la Salle des F\u00eates (salle Emile Romanet), en dessous de la mairie.<br \/>\n<\/span> <span style=\"color: #008000; font-family: Arial; font-size: small;\"><b>Latitude: <\/b> <\/span> <span style=\"font-family: Arial; font-size: small;\">45.36278 <b>\u25a0 <\/b>45\u00b0 21&prime; 46&Prime;<br \/>\n<\/span> <b> <span style=\"color: #008000; font-family: Arial; font-size: small;\"> Longitude:<\/span><\/b><span style=\"font-family: Arial; font-size: small;\"><b> <\/b> 4.86167\u00a0<b>\u25a0<\/b> 4\u00b0 51&prime; 42&Prime;<\/span><\/p>\n<p><a href=\"http:\/\/ville-sous-anjou.fr\/wp-content\/uploads\/2016\/06\/camp1.jpg\"><img loading=\"lazy\" decoding=\"async\" class=\"alignnone wp-image-1289\" src=\"http:\/\/ville-sous-anjou.fr\/wp-content\/uploads\/2016\/06\/camp1-300x192.jpg\" alt=\"camp1\" width=\"341\" height=\"218\" srcset=\"https:\/\/ville-sous-anjou.fr\/wp-content\/uploads\/2016\/06\/camp1-300x192.jpg 300w, https:\/\/ville-sous-anjou.fr\/wp-content\/uploads\/2016\/06\/camp1-768x493.jpg 768w, https:\/\/ville-sous-anjou.fr\/wp-content\/uploads\/2016\/06\/camp1-1024x657.jpg 1024w, https:\/\/ville-sous-anjou.fr\/wp-content\/uploads\/2016\/06\/camp1.jpg 1143w\" sizes=\"auto, (max-width: 341px) 100vw, 341px\" \/><\/a><\/p>\n","protected":false},"excerpt":{"rendered":"<p>Services Gratuits : Eau \u00c9lectricit\u00e9 Vidange eaux grises et noires R\u00e8glement aire de camping-cars 20 km au sud de Vienne Derri\u00e8re la Salle des F\u00eates (salle Emile Romanet), en dessous de la mairie. Latitude: 45.36278 \u25a0 45\u00b0 21&prime; 46&Prime; Longitude: 4.86167\u00a0\u25a0 4\u00b0 51&prime; 42&Prime;<\/p>\n","protected":false},"author":1,"featured_media":0,"parent":0,"menu_order":0,"comment_status":"closed","ping_status":"closed","template":"","meta":{"_exactmetrics_skip_tracking":false,"_exactmetrics_sitenote_active":false,"_exactmetrics_sitenote_note":"","_exactmetrics_sitenote_category":0,"footnotes":""},"class_list":["post-103","page","type-page","status-publish","hentry"],"_links":{"self":[{"href":"https:\/\/ville-sous-anjou.fr\/index.php?rest_route=\/wp\/v2\/pages\/103","targetHints":{"allow":["GET"]}}],"collection":[{"href":"https:\/\/ville-sous-anjou.fr\/index.php?rest_route=\/wp\/v2\/pages"}],"about":[{"href":"https:\/\/ville-sous-anjou.fr\/index.php?rest_route=\/wp\/v2\/types\/page"}],"author":[{"embeddable":true,"href":"https:\/\/ville-sous-anjou.fr\/index.php?rest_route=\/wp\/v2\/users\/1"}],"replies":[{"embeddable":true,"href":"https:\/\/ville-sous-anjou.fr\/index.php?rest_route=%2Fwp%2Fv2%2Fcomments&post=103"}],"version-history":[{"count":4,"href":"https:\/\/ville-sous-anjou.fr\/index.php?rest_route=\/wp\/v2\/pages\/103\/revisions"}],"predecessor-version":[{"id":2075,"href":"https:\/\/ville-sous-anjou.fr\/index.php?rest_route=\/wp\/v2\/pages\/103\/revisions\/2075"}],"wp:attachment":[{"href":"https:\/\/ville-sous-anjou.fr\/index.php?rest_route=%2Fwp%2Fv2%2Fmedia&parent=103"}],"curies":[{"name":"wp","href":"https:\/\/api.w.org\/{rel}","templated":true}]}}