{"id":135,"date":"2014-09-02T14:36:46","date_gmt":"2014-09-02T13:36:46","guid":{"rendered":"http:\/\/vsatest.wpweb.fr\/?page_id=135"},"modified":"2026-03-10T07:15:23","modified_gmt":"2026-03-10T07:15:23","slug":"la-bibliotheque","status":"publish","type":"page","link":"https:\/\/ville-sous-anjou.fr\/?page_id=135","title":{"rendered":"La m\u00e9diath\u00e8que"},"content":{"rendered":"<p style=\"text-align: center;\"><strong>Notre M\u00e9diath\u00e8que<\/strong><\/p>\n<p>Inaugur\u00e9e en mars 1998, la biblioth\u00e8que municipale est devenue une m\u00e9diath\u00e8que d&rsquo;un r\u00e9seau de 12 m\u00e9diath\u00e8ques en janvier 2017.<\/p>\n<p>Ce r\u00e9seau a \u00e9t\u00e9 nomm\u00e9 <u>ECuME<\/u> le 28 septembre 2019, suite \u00e0 l&rsquo;inauguration de la m\u00e9diath\u00e8que de St Maurice l&rsquo;Exil, M\u00e9diath\u00e8que T\u00eate de R\u00e9seau, apr\u00e8s son agrandissement et sa r\u00e9novation.<\/p>\n<p>Le \u00abE\u00a0\u00bb\u00a0: repr\u00e9sentant Entre Bi\u00e8vre et Rh\u00f4ne<\/p>\n<p>Le \u00ab\u00a0Cu\u00a0\u00bb\u00a0: symbole du cuivre, mat\u00e9riau assurant le bardage de la m\u00e9diath\u00e8que de St Maurice l&rsquo;Exil<\/p>\n<p>Le \u00ab\u00a0ME\u00a0\u00bb\u00a0: Abr\u00e9viation de M\u00e9diath\u00e8que<\/p>\n<p>Ce r\u00e9seau a accueilli 10 m\u00e9diath\u00e8ques suppl\u00e9mentaires en janvier 2020 (suite \u00e0 la fusion en janvier 2019 des 2 communaut\u00e9s de communes\u00a0: CCPR et CCTB), celles du pays beaurepairois et la m\u00e9diath\u00e8que de Salaise sur Sanne. Depuis septembre 2021, celle de Roussillon est venue \u00e9largir le r\u00e9seau \u00e0 <u>23 m\u00e9diath\u00e8ques<\/u>.<\/p>\n<p>Dor\u00e9navant, c&rsquo;est dans ces 23 m\u00e9diath\u00e8ques, qu&rsquo;il est possible de consulter, d&#8217;emprunter, de rendre et de r\u00e9server des livres, DVD, CD et partitions, gr\u00e2ce \u00e0 une carte individuelle, gratuite jusqu&rsquo;\u00e0 18 ans et de 5 \u20ac par adulte et par an. 5 r\u00e9servations sont possibles sur le portail du r\u00e9seau\u00a0: <strong><u>reseau-ecume.fr<\/u><\/strong>. Une navette hebdomadaire d\u00e9pose les r\u00e9servations dans la m\u00e9diath\u00e8que choisie par le lecteur.<\/p>\n<p>Outre l&rsquo;accueil du public, les b\u00e9n\u00e9voles assurent l&rsquo;accueil des classes une fois par mois, l&rsquo;animation d&rsquo;ateliers th\u00e9matiques (f\u00eate de la science, accueil d&rsquo;illustrateurs, d&rsquo;auteurs&#8230;), l&rsquo;organisation de prix litt\u00e9raires (\u00ab\u00a0gouttes de sang d&rsquo;encre\u00a0\u00bb, \u00ab\u00a0Fun en bulles\u00a0\u00bb). L&rsquo;\u00e9quipe participe \u00e0 des formations, r\u00e9unions, groupes de travail (animations et acquisitions) afin d&rsquo;assurer un service public de qualit\u00e9 \u00e0 l&rsquo;ensemble de la population. Des nouveaut\u00e9s sont r\u00e9guli\u00e8rement achet\u00e9es afin de r\u00e9pondre au mieux aux demandes des lecteurs.<\/p>\n<p><span><strong>Horaires d&rsquo;ouverture de la m\u00e9diath\u00e8que<\/strong>\u00a0:<\/span><\/p>\n<p><span>&#8211; le lundi de 14 h \u00e0 17 h<\/span><\/p>\n<p><span>&#8211; le mercredi de 10 h \u00e0 12 h et de 16 h 30 \u00e0 17 h 30<\/span><\/p>\n<p><span>&#8211; le samedi de 10 h \u00e0 12 h<\/span><\/p>\n<p><span><strong>Mail<\/strong> :\u00a0<a href=\"mailto:mediatheque.ville-sous-anjou@reseau-ecume.fr\" title=\"Envoyer e-mail \u00e0 mediatheque.ville-sous-anjou@reseau-ecume.fr\" class=\"mailto\" target=\"_blank\" rel=\"noopener\">mediatheque.ville-sous-anjou@reseau-ecume.fr<\/a><\/span><\/p>\n<p><span><strong>Page Facebook<\/strong>\u00a0 :M\u00e9diath\u00e8que de Ville sous Anjou<\/span><\/p>\n<p>N&rsquo;h\u00e9sitez pas \u00e0 pousser les portes de la m\u00e9diath\u00e8que, situ\u00e9e juste \u00e0 c\u00f4t\u00e9 de l&rsquo;\u00e9cole, o\u00f9 le meilleur accueil vous sera r\u00e9serv\u00e9 dans une ambiance conviviale.<\/p>\n<p>La lecture permet de s&rsquo;\u00e9vader, de se divertir et de s&rsquo;enrichir\u00a0!<\/p>\n\r\n\t<div class=\"slideshow_container slideshow_container_style-light\" style=\"height: 372px; \" data-slideshow-id=\"2648\" data-style-name=\"style-light\" data-style-version=\"2.3.1\" >\r\n\r\n\t\t\t\t\t<div class=\"slideshow_loading_icon\"><\/div>\r\n\t\t\r\n\t\t<div class=\"slideshow_content\" style=\"display: none;\">\r\n\r\n\t\t\t<div class=\"slideshow_view\">\r\n\t\t\t\t<div class=\"slideshow_slide slideshow_slide_image\">\r\n\t\t\t\t\t\t\t\t\t\t\t<img src=\"https:\/\/ville-sous-anjou.fr\/wp-content\/uploads\/2021\/12\/les-enfants-et-la-protection-de-lenvironnement-scaled.jpg\" alt=\"les enfants et la protection de l'environnement\" width=\"1920\" height=\"2560\" \/>\r\n\t\t\t\t\t\t\t\t\t\t<div class=\"slideshow_description_box slideshow_transparent\">\r\n\t\t\t\t\t\t<div class=\"slideshow_title\">les enfants et la protection de l'environnement<\/div>\t\t\t\t\t\t\t\t\t\t\t<\/div>\r\n\t\t\t\t<\/div>\r\n\r\n\t\t\t\t\t\t<div style=\"clear: both;\"><\/div><\/div><div class=\"slideshow_view\">\r\n\t\t\t\t<div class=\"slideshow_slide slideshow_slide_image\">\r\n\t\t\t\t\t\t\t\t\t\t\t<img src=\"https:\/\/ville-sous-anjou.fr\/wp-content\/uploads\/2021\/12\/Romans-jeunes-scaled.jpg\" alt=\"Romans jeunes\" width=\"2560\" height=\"1920\" \/>\r\n\t\t\t\t\t\t\t\t\t\t<div class=\"slideshow_description_box slideshow_transparent\">\r\n\t\t\t\t\t\t<div class=\"slideshow_title\">Romans jeunes<\/div>\t\t\t\t\t\t\t\t\t\t\t<\/div>\r\n\t\t\t\t<\/div>\r\n\r\n\t\t\t\t\t\t<div style=\"clear: both;\"><\/div><\/div><div class=\"slideshow_view\">\r\n\t\t\t\t<div class=\"slideshow_slide slideshow_slide_image\">\r\n\t\t\t\t\t\t\t\t\t\t\t<img src=\"https:\/\/ville-sous-anjou.fr\/wp-content\/uploads\/2021\/12\/tout-est-accessible-scaled.jpg\" alt=\"tout est accessible!\" width=\"2560\" height=\"1920\" \/>\r\n\t\t\t\t\t\t\t\t\t\t<div class=\"slideshow_description_box slideshow_transparent\">\r\n\t\t\t\t\t\t<div class=\"slideshow_title\">tout est accessible!<\/div>\t\t\t\t\t\t\t\t\t\t\t<\/div>\r\n\t\t\t\t<\/div>\r\n\r\n\t\t\t\t\t\t<div style=\"clear: both;\"><\/div><\/div><div class=\"slideshow_view\">\r\n\t\t\t\t<div class=\"slideshow_slide slideshow_slide_image\">\r\n\t\t\t\t\t\t\t\t\t\t\t<img src=\"https:\/\/ville-sous-anjou.fr\/wp-content\/uploads\/2021\/12\/un-large-choix-scaled.jpg\" alt=\"un large choix!\" width=\"2560\" height=\"1920\" \/>\r\n\t\t\t\t\t\t\t\t\t\t<div class=\"slideshow_description_box slideshow_transparent\">\r\n\t\t\t\t\t\t<div class=\"slideshow_title\">un large choix!<\/div>\t\t\t\t\t\t\t\t\t\t\t<\/div>\r\n\t\t\t\t<\/div>\r\n\r\n\t\t\t\t\t\t<div style=\"clear: both;\"><\/div><\/div><div class=\"slideshow_view\">\r\n\t\t\t\t<div class=\"slideshow_slide slideshow_slide_image\">\r\n\t\t\t\t\t\t\t\t\t\t\t<img src=\"https:\/\/ville-sous-anjou.fr\/wp-content\/uploads\/2021\/12\/coin-des-nouveautes-scaled.jpg\" alt=\"coin des nouveaut\u00e9s\" width=\"2560\" height=\"1920\" \/>\r\n\t\t\t\t\t\t\t\t\t\t<div class=\"slideshow_description_box slideshow_transparent\">\r\n\t\t\t\t\t\t<div class=\"slideshow_title\">coin des nouveaut\u00e9s<\/div>\t\t\t\t\t\t\t\t\t\t\t<\/div>\r\n\t\t\t\t<\/div>\r\n\r\n\t\t\t\t\t\t<div style=\"clear: both;\"><\/div><\/div><div class=\"slideshow_view\">\r\n\t\t\t\t<div class=\"slideshow_slide slideshow_slide_image\">\r\n\t\t\t\t\t\t\t\t\t\t\t<img src=\"https:\/\/ville-sous-anjou.fr\/wp-content\/uploads\/2021\/12\/coin-lecture-pour-les-petits-scaled.jpg\" alt=\"coin lecture pour les petits\" width=\"2560\" height=\"1920\" \/>\r\n\t\t\t\t\t\t\t\t\t\t<div class=\"slideshow_description_box slideshow_transparent\">\r\n\t\t\t\t\t\t<div class=\"slideshow_title\">coin lecture pour les petits<\/div>\t\t\t\t\t\t\t\t\t\t\t<\/div>\r\n\t\t\t\t<\/div>\r\n\r\n\t\t\t\t\t\t<div style=\"clear: both;\"><\/div><\/div><div class=\"slideshow_view\">\r\n\t\t\t\t<div class=\"slideshow_slide slideshow_slide_image\">\r\n\t\t\t\t\t\t\t\t\t\t\t<img src=\"https:\/\/ville-sous-anjou.fr\/wp-content\/uploads\/2021\/12\/fete-de-la-science-a-la-mediatheque-scaled.jpg\" alt=\"f\u00eate de la science \u00e0 la m\u00e9diath\u00e8que\" width=\"2560\" height=\"1920\" \/>\r\n\t\t\t\t\t\t\t\t\t\t<div class=\"slideshow_description_box slideshow_transparent\">\r\n\t\t\t\t\t\t<div class=\"slideshow_title\">f\u00eate de la science \u00e0 la m\u00e9diath\u00e8que<\/div>\t\t\t\t\t\t\t\t\t\t\t<\/div>\r\n\t\t\t\t<\/div>\r\n\r\n\t\t\t\t\t\t<div style=\"clear: both;\"><\/div><\/div><div class=\"slideshow_view\">\r\n\t\t\t\t<div class=\"slideshow_slide slideshow_slide_image\">\r\n\t\t\t\t\t\t\t\t\t\t\t<img src=\"https:\/\/ville-sous-anjou.fr\/wp-content\/uploads\/2021\/12\/Les-BD-scaled.jpg\" alt=\"Les BD\" width=\"2560\" height=\"1920\" \/>\r\n\t\t\t\t\t\t\t\t\t\t<div class=\"slideshow_description_box slideshow_transparent\">\r\n\t\t\t\t\t\t<div class=\"slideshow_title\">Les BD<\/div>\t\t\t\t\t\t\t\t\t\t\t<\/div>\r\n\t\t\t\t<\/div>\r\n\r\n\t\t\t\t\t\t<div style=\"clear: both;\"><\/div><\/div>\r\n\t\t<\/div>\r\n\r\n\t\t<div class=\"slideshow_controlPanel slideshow_transparent\" style=\"display: none;\"><ul><li class=\"slideshow_togglePlay\" data-play-text=\"Play\" data-pause-text=\"Pause\"><\/li><\/ul><\/div>\r\n\r\n\t\t<div class=\"slideshow_button slideshow_previous slideshow_transparent\" role=\"button\" data-previous-text=\"Pr\u00e9c\u00e9dent\" style=\"display: none;\"><\/div>\r\n\t\t<div class=\"slideshow_button slideshow_next slideshow_transparent\" role=\"button\" data-next-text=\"Suivant\" style=\"display: none;\"><\/div>\r\n\r\n\t\t<div class=\"slideshow_pagination\" style=\"display: none;\" data-go-to-text=\"Go to slide\"><div class=\"slideshow_pagination_center\"><\/div><\/div>\r\n\r\n\t\t<!-- WordPress Slideshow Version 2.3.1 -->\r\n\r\n\t\t\t<\/div>\r\n\r\n\n","protected":false},"excerpt":{"rendered":"<p>Notre M\u00e9diath\u00e8que Inaugur\u00e9e en mars 1998, la biblioth\u00e8que municipale est devenue une m\u00e9diath\u00e8que d&rsquo;un r\u00e9seau de 12 m\u00e9diath\u00e8ques en janvier 2017. Ce r\u00e9seau a \u00e9t\u00e9 nomm\u00e9 ECuME le 28 septembre 2019, suite \u00e0 l&rsquo;inauguration de la m\u00e9diath\u00e8que de St Maurice l&rsquo;Exil, M\u00e9diath\u00e8que T\u00eate de R\u00e9seau, apr\u00e8s son agrandissement et sa [&hellip;]<\/p>\n","protected":false},"author":1,"featured_media":0,"parent":0,"menu_order":0,"comment_status":"closed","ping_status":"closed","template":"","meta":{"_exactmetrics_skip_tracking":false,"_exactmetrics_sitenote_active":false,"_exactmetrics_sitenote_note":"","_exactmetrics_sitenote_category":0,"footnotes":""},"class_list":["post-135","page","type-page","status-publish","hentry"],"_links":{"self":[{"href":"https:\/\/ville-sous-anjou.fr\/index.php?rest_route=\/wp\/v2\/pages\/135","targetHints":{"allow":["GET"]}}],"collection":[{"href":"https:\/\/ville-sous-anjou.fr\/index.php?rest_route=\/wp\/v2\/pages"}],"about":[{"href":"https:\/\/ville-sous-anjou.fr\/index.php?rest_route=\/wp\/v2\/types\/page"}],"author":[{"embeddable":true,"href":"https:\/\/ville-sous-anjou.fr\/index.php?rest_route=\/wp\/v2\/users\/1"}],"replies":[{"embeddable":true,"href":"https:\/\/ville-sous-anjou.fr\/index.php?rest_route=%2Fwp%2Fv2%2Fcomments&post=135"}],"version-history":[{"count":8,"href":"https:\/\/ville-sous-anjou.fr\/index.php?rest_route=\/wp\/v2\/pages\/135\/revisions"}],"predecessor-version":[{"id":3382,"href":"https:\/\/ville-sous-anjou.fr\/index.php?rest_route=\/wp\/v2\/pages\/135\/revisions\/3382"}],"wp:attachment":[{"href":"https:\/\/ville-sous-anjou.fr\/index.php?rest_route=%2Fwp%2Fv2%2Fmedia&parent=135"}],"curies":[{"name":"wp","href":"https:\/\/api.w.org\/{rel}","templated":true}]}}