{"id":141,"date":"2014-09-02T14:37:26","date_gmt":"2014-09-02T13:37:26","guid":{"rendered":"http:\/\/vsatest.wpweb.fr\/?page_id=141"},"modified":"2015-01-13T11:19:03","modified_gmt":"2015-01-13T11:19:03","slug":"le-commerce","status":"publish","type":"page","link":"https:\/\/ville-sous-anjou.fr\/?page_id=141","title":{"rendered":"Le commerce"},"content":{"rendered":"<p style=\"text-align: left;\"><strong>Situ\u00e9 \u00e0 proximit\u00e9 de la mairie<\/strong><\/p>\n<p style=\"text-align: left;\"><strong>L\u2019\u00c9picerie Voisine : proximit\u00e9, convivialit\u00e9 et caf\u00e9<\/strong><\/p>\n<p style=\"text-align: left;\"><em>Horaires d&rsquo;ouverture<\/em><\/p>\n<ul>\n<li style=\"text-align: left;\">Mardi 7h45 &#8211; 12h<\/li>\n<li style=\"text-align: left;\">Mercredi 7h45 &#8211; 12h<\/li>\n<li style=\"text-align: left;\">Jeudi 7h45 &#8211; 12h<\/li>\n<li style=\"text-align: left;\">Vendredi 7h45 &#8211; 12h et 15h-19h<\/li>\n<li style=\"text-align: left;\">Samedi 7h45 &#8211; 12h<\/li>\n<li style=\"text-align: left;\">Dimanche 7h45 &#8211; 12h<\/li>\n<\/ul>\n<p><i>\r\n\t<div class=\"slideshow_container slideshow_container_style-light\" style=\"height: 200px; \" data-slideshow-id=\"680\" data-style-name=\"style-light\" data-style-version=\"2.3.1\" >\r\n\r\n\t\t\t\t\t<div class=\"slideshow_loading_icon\"><\/div>\r\n\t\t\r\n\t\t<div class=\"slideshow_content\" style=\"display: none;\">\r\n\r\n\t\t\t<div class=\"slideshow_view\">\r\n\t\t\t\t<div class=\"slideshow_slide slideshow_slide_image\">\r\n\t\t\t\t\t\t\t\t\t\t\t<img src=\"https:\/\/ville-sous-anjou.fr\/wp-content\/uploads\/2015\/01\/EPICERIE3.jpg\" alt=\"Carole\" width=\"468\" height=\"312\" \/>\r\n\t\t\t\t\t\t\t\t\t\t<div class=\"slideshow_description_box slideshow_transparent\">\r\n\t\t\t\t\t\t<div class=\"slideshow_title\">Carole<\/div>\t\t\t\t\t\t\t\t\t\t\t<\/div>\r\n\t\t\t\t<\/div>\r\n\r\n\t\t\t\t\t\t<div style=\"clear: both;\"><\/div><\/div><div class=\"slideshow_view\">\r\n\t\t\t\t<div class=\"slideshow_slide slideshow_slide_image\">\r\n\t\t\t\t\t\t\t\t\t\t\t<img src=\"https:\/\/ville-sous-anjou.fr\/wp-content\/uploads\/2015\/01\/EPICERIE2.jpg\" alt=\"Pr\u00e9sentoire de l'\u00e9picerie\" width=\"450\" height=\"300\" \/>\r\n\t\t\t\t\t\t\t\t\t\t<div class=\"slideshow_description_box slideshow_transparent\">\r\n\t\t\t\t\t\t<div class=\"slideshow_title\">Pr\u00e9sentoire de l'\u00e9picerie<\/div>\t\t\t\t\t\t\t\t\t\t\t<\/div>\r\n\t\t\t\t<\/div>\r\n\r\n\t\t\t\t\t\t<div style=\"clear: both;\"><\/div><\/div><div class=\"slideshow_view\">\r\n\t\t\t\t<div class=\"slideshow_slide slideshow_slide_image\">\r\n\t\t\t\t\t\t\t\t\t\t\t<img src=\"https:\/\/ville-sous-anjou.fr\/wp-content\/uploads\/2015\/01\/EPICERIE.jpg\" alt=\"Le commerce\" width=\"299\" height=\"398\" \/>\r\n\t\t\t\t\t\t\t\t\t\t<div class=\"slideshow_description_box slideshow_transparent\">\r\n\t\t\t\t\t\t<div class=\"slideshow_title\">Le commerce<\/div>\t\t\t\t\t\t\t\t\t\t\t<\/div>\r\n\t\t\t\t<\/div>\r\n\r\n\t\t\t\t\t\t<div style=\"clear: both;\"><\/div><\/div>\r\n\t\t<\/div>\r\n\r\n\t\t<div class=\"slideshow_controlPanel slideshow_transparent\" style=\"display: none;\"><ul><li class=\"slideshow_togglePlay\" data-play-text=\"Play\" data-pause-text=\"Pause\"><\/li><\/ul><\/div>\r\n\r\n\t\t<div class=\"slideshow_button slideshow_previous slideshow_transparent\" role=\"button\" data-previous-text=\"Pr\u00e9c\u00e9dent\" style=\"display: none;\"><\/div>\r\n\t\t<div class=\"slideshow_button slideshow_next slideshow_transparent\" role=\"button\" data-next-text=\"Suivant\" style=\"display: none;\"><\/div>\r\n\r\n\t\t<div class=\"slideshow_pagination\" style=\"display: none;\" data-go-to-text=\"Go to slide\"><div class=\"slideshow_pagination_center\"><\/div><\/div>\r\n\r\n\t\t<!-- WordPress Slideshow Version 2.3.1 -->\r\n\r\n\t\t\t<\/div>\r\n\r\n<\/i><\/p>\n","protected":false},"excerpt":{"rendered":"<p>Situ\u00e9 \u00e0 proximit\u00e9 de la mairie L\u2019\u00c9picerie Voisine : proximit\u00e9, convivialit\u00e9 et caf\u00e9 Horaires d&rsquo;ouverture Mardi 7h45 &#8211; 12h Mercredi 7h45 &#8211; 12h Jeudi 7h45 &#8211; 12h Vendredi 7h45 &#8211; 12h et 15h-19h Samedi 7h45 &#8211; 12h Dimanche 7h45 &#8211; 12h<\/p>\n","protected":false},"author":1,"featured_media":0,"parent":0,"menu_order":0,"comment_status":"closed","ping_status":"closed","template":"","meta":{"_exactmetrics_skip_tracking":false,"_exactmetrics_sitenote_active":false,"_exactmetrics_sitenote_note":"","_exactmetrics_sitenote_category":0,"footnotes":""},"class_list":["post-141","page","type-page","status-publish","hentry"],"_links":{"self":[{"href":"https:\/\/ville-sous-anjou.fr\/index.php?rest_route=\/wp\/v2\/pages\/141","targetHints":{"allow":["GET"]}}],"collection":[{"href":"https:\/\/ville-sous-anjou.fr\/index.php?rest_route=\/wp\/v2\/pages"}],"about":[{"href":"https:\/\/ville-sous-anjou.fr\/index.php?rest_route=\/wp\/v2\/types\/page"}],"author":[{"embeddable":true,"href":"https:\/\/ville-sous-anjou.fr\/index.php?rest_route=\/wp\/v2\/users\/1"}],"replies":[{"embeddable":true,"href":"https:\/\/ville-sous-anjou.fr\/index.php?rest_route=%2Fwp%2Fv2%2Fcomments&post=141"}],"version-history":[{"count":4,"href":"https:\/\/ville-sous-anjou.fr\/index.php?rest_route=\/wp\/v2\/pages\/141\/revisions"}],"predecessor-version":[{"id":685,"href":"https:\/\/ville-sous-anjou.fr\/index.php?rest_route=\/wp\/v2\/pages\/141\/revisions\/685"}],"wp:attachment":[{"href":"https:\/\/ville-sous-anjou.fr\/index.php?rest_route=%2Fwp%2Fv2%2Fmedia&parent=141"}],"curies":[{"name":"wp","href":"https:\/\/api.w.org\/{rel}","templated":true}]}}